{"id":3323,"date":"2022-05-31T15:08:07","date_gmt":"2022-05-31T13:08:07","guid":{"rendered":"https:\/\/mflhhmub.lucusprueba.es\/natura\/"},"modified":"2024-09-01T13:50:43","modified_gmt":"2024-09-01T11:50:43","slug":"natura","status":"publish","type":"page","link":"https:\/\/elsroures.com\/es\/entorno\/natura\/","title":{"rendered":"Descubre el valle de Camprodon"},"content":{"rendered":"\n<div class=\"wp-block-cover alignfull cover-page is-style-no-margin margin-bottom\"><span aria-hidden=\"true\" class=\"wp-block-cover__background has-background-dim-20 has-background-dim\"><\/span><img loading=\"lazy\" decoding=\"async\" width=\"1600\" height=\"762\" class=\"wp-block-cover__image-background wp-image-767\" alt=\"\" src=\"https:\/\/elsroures.com\/wp-content\/uploads\/natura-01.webp\" data-object-fit=\"cover\" srcset=\"https:\/\/elsroures.com\/wp-content\/uploads\/natura-01.webp 1600w, https:\/\/elsroures.com\/wp-content\/uploads\/natura-01-1024x488.webp 1024w, https:\/\/elsroures.com\/wp-content\/uploads\/natura-01-768x366.webp 768w, https:\/\/elsroures.com\/wp-content\/uploads\/natura-01-1536x732.webp 1536w\" sizes=\"auto, (max-width: 1600px) 100vw, 1600px\" \/><div class=\"wp-block-cover__inner-container is-layout-flow wp-block-cover-is-layout-flow\">\n<div class=\"wp-block-group is-layout-constrained wp-container-core-group-is-layout-f843088e wp-block-group-is-layout-constrained\">\n<h3 class=\"wp-block-heading has-text-align-center text-shadow animation--init\">Entorno<\/h3>\n\n\n<h1 class=\"has-text-align-center  animation--init wp-block-post-title has-text-color has-blank-white-color\">Descubre el valle de Camprodon<\/h1>\n\n<div id=\"wp-block-booking-widget-block_e90198f358e3b13758faf5691427f314\" class=\"wp-block-booking-widget margin-bottom animation--init has-text-align-left margin-bottom animation--init\">\n        <div class=\"booking-widget-wrapper\"><script>\n            document.addEventListener('DOMContentLoaded', function () {\n\n                var widget = new MasterWidget('widgetBookingContainer8484', {\n                    lang: 'es',idProperty: '64',class: 'widget_columns',target: '_blank',dropdown: true,\n                    url: 'https:\/\/booking.elsroures.com'\n                });\n\n\n            });\n\n            <\/script><div id=\"widgetBookingContainer8484\"> <\/div><\/div>\n        <div class=\"booking-button-wrapper\"><\/div>\n<\/div>\n\n\n\n<div class=\"wp-block-buttons alignfull page-tabs is-content-justification-center is-layout-flex wp-container-core-buttons-is-layout-a89b3969 wp-block-buttons-is-layout-flex\">\n<div class=\"wp-block-button current-tab\"><a class=\"wp-block-button__link has-blank-black-color has-blank-white-background-color has-text-color has-background wp-element-button\"><strong>ENTORNO Y EXCURSIONES<\/strong><\/a><\/div>\n\n\n\n<div class=\"wp-block-button\"><a class=\"wp-block-button__link has-blank-white-color has-blank-dark-green-background-color has-text-color has-background wp-element-button\" href=\"https:\/\/elsroures.com\/es\/entorno\/actividades\/\"><strong>ACTIVIDADES<\/strong><\/a><\/div>\n\n\n\n<div class=\"wp-block-button\"><a class=\"wp-block-button__link has-blank-white-color has-blank-dark-green-background-color has-text-color has-background wp-element-button\" href=\"https:\/\/elsroures.com\/es\/entorno\/pueblos\/\"><strong>PUEBLOS QUE VISITAR<\/strong><\/a><\/div>\n\n\n\n<div class=\"wp-block-button\"><a class=\"wp-block-button__link has-blank-white-color has-blank-dark-green-background-color has-text-color has-background wp-element-button\" href=\"https:\/\/elsroures.com\/es\/entorno\/animacion\/\"><strong>ANIMACI\u00d3N EN EL CAMPING<\/strong><\/a><\/div>\n<\/div>\n<\/div>\n<\/div><\/div>\n\n\n\n<h2 class=\"wp-block-heading has-text-align-center\">Salidas a la monta\u00f1a<\/h2>\n\n\n\n<p class=\"has-text-align-center has-blank-dark-grey-color has-text-color\"><strong>Para que no te preocupes de nada, nos encargamos de proporcionar toda la informaci\u00f3n y orientaci\u00f3n que necesites para disfrutar al m\u00e1ximo del entorno. Con nuestra experiencia y conocimiento local, te daremos las mejores recomendaciones y sugerencias para aprovechar al m\u00e1ximo tu estancia y descubrir los m\u00e1s especiales rincones de la regi\u00f3n.<\/strong><\/p>\n\n\n\n<p class=\"has-text-align-center margin-bottom has-blank-dark-grey-color has-text-color\"><strong>Empieza a preparar tu planning de actividades y excursiones para tu pr\u00f3xima estancia con nosotros, imprime desde aqu\u00ed <a href=\"https:\/\/elsroures.com\/wp-content\/uploads\/atractius-al-voltant-del-camping-2016.pdf\" target=\"_blank\" rel=\"noreferrer noopener\">nuestra versi\u00f3n reducida<\/a> de actividades para leerla con comodidad desde tu casa.<\/strong><\/p>\n\n\n\n<div class=\"wp-block-media-text alignfull has-media-on-the-right is-stacked-on-mobile margin-bottom\" style=\"grid-template-columns:auto 55%\"><div class=\"wp-block-media-text__content\">\n<h2 class=\"wp-block-heading has-blank-green-color has-text-color\">VIA ROMANA DEL CAPSACOSTA<\/h2>\n\n\n\n<p class=\"has-text-align-left has-blank-dark-grey-color has-text-color\">La excursi\u00f3n estrella desde la misma puerta del camping Els Roures es la V\u00eda Romana del Capsacosta. Bordeando el camping, se encuentra el inicio de esta excursi\u00f3n tan bonita y 100% recomendable. Muy bien conservada en algunos de sus tramos, vale mucho la pena visitarla. Es el mejor monumento hist\u00f3rico del valle de Camprodon. Con una distancia de recorrido de 8,55 km y una subida acumulada de 355 metros vale la pena el esfuerzo por su belleza constructiva y el paisaje que le rodea.<\/p>\n<\/div><figure class=\"wp-block-media-text__media\"><img loading=\"lazy\" decoding=\"async\" width=\"2048\" height=\"1536\" src=\"https:\/\/elsroures.com\/wp-content\/uploads\/img-0291.jpg\" alt=\"\" class=\"wp-image-17362 size-full\" srcset=\"https:\/\/elsroures.com\/wp-content\/uploads\/img-0291.jpg 2048w, https:\/\/elsroures.com\/wp-content\/uploads\/img-0291-1024x768.jpg 1024w, https:\/\/elsroures.com\/wp-content\/uploads\/img-0291-768x576.jpg 768w, https:\/\/elsroures.com\/wp-content\/uploads\/img-0291-1536x1152.jpg 1536w\" sizes=\"auto, (max-width: 2048px) 100vw, 2048px\" \/><\/figure><\/div>\n\n\n\n<div class=\"wp-block-media-text alignfull is-stacked-on-mobile\"><figure class=\"wp-block-media-text__media\"><\/figure><div class=\"wp-block-media-text__content\">\n<h2 class=\"wp-block-heading has-blank-green-color has-text-color\">LOS BOSQUES Y LAS PLANAS DE LA RAL<\/h2>\n\n\n\n<p class=\"has-blank-dark-grey-color has-text-color\">El itinerario, de dificultad baja y de 8 kil\u00f3metros, se inicia en el puente del carburo, justo en la salida de Sant Pau de Seg\u00faries. Se trata de un recorrido que pasa entre hayedos acueductos y fuentes, bordeando el r\u00edo Ter hasta llegar al peque\u00f1o pueblo de la Ral, y seguidamente deshace el camino por la otra orilla del r\u00edo.<\/p>\n<\/div><\/div>\n\n\n\n<div class=\"wp-block-media-text alignfull has-media-on-the-right is-stacked-on-mobile margin-bottom\" style=\"grid-template-columns:auto 55%\"><div class=\"wp-block-media-text__content\">\n<h2 class=\"wp-block-heading has-blank-green-color has-text-color\">LA ERMITA DEL REMEI<\/h2>\n\n\n\n<h3 class=\"wp-block-heading has-blank-green-color has-text-color\">a 4 km<\/h3>\n\n\n\n<p class=\"has-blank-dark-grey-color has-text-color\">Recorrido de unos 4 kil\u00f3metros hasta L&#8217; Ermita del Remei. Salimos del camping a la derecha, y justo al final de la misma calle tomamos la pista de la izquierda. Pasaremos junto a un torrente, una cantera y el vecindario de la Ral. Santuario de gran belleza, no se puede visitar su interior, pero es una excursi\u00f3n muy bonita y se pueden ver vacas pastando. Se puede alargar la excursi\u00f3n y llegar a Camprodon (8 km total). Puede volverse en transporte p\u00fablico.<\/p>\n<\/div><figure class=\"wp-block-media-text__media\"><img loading=\"lazy\" decoding=\"async\" width=\"2048\" height=\"1152\" src=\"https:\/\/elsroures.com\/wp-content\/uploads\/20210809-125250.jpg\" alt=\"\" class=\"wp-image-6860 size-full\" srcset=\"https:\/\/elsroures.com\/wp-content\/uploads\/20210809-125250.jpg 2048w, https:\/\/elsroures.com\/wp-content\/uploads\/20210809-125250-1024x576.jpg 1024w, https:\/\/elsroures.com\/wp-content\/uploads\/20210809-125250-768x432.jpg 768w, https:\/\/elsroures.com\/wp-content\/uploads\/20210809-125250-1536x864.jpg 1536w\" sizes=\"auto, (max-width: 2048px) 100vw, 2048px\" \/><\/figure><\/div>\n\n\n\n<div class=\"wp-block-media-text alignfull is-stacked-on-mobile\"><figure class=\"wp-block-media-text__media\"><\/figure><div class=\"wp-block-media-text__content\">\n<h2 class=\"wp-block-heading has-blank-green-color has-text-color\">RUTA  DEL FERRO<\/h2>\n\n\n\n<h3 class=\"wp-block-heading has-blank-green-color has-text-color\">a 8 km<\/h3>\n\n\n\n<p class=\"has-blank-dark-grey-color has-text-color\">Es una v\u00eda verde que sigue el antiguo recorrido del ferrocarril Ripoll-Sant Joan de les Abadesses-Toralles-Ogassa. El punto de salida es la antigua estaci\u00f3n del Ferrocarril de Sant Joan. Solo se puede realizar en bicicleta o caminando, y es apto para todos los p\u00fablicos. Desde Sant Joan a Ripoll hay 9 kil\u00f3metros, y de San Joan a Ogassa 5 kil\u00f3metros.<\/p>\n<\/div><\/div>\n\n\n\n<div class=\"wp-block-media-text alignfull has-media-on-the-right is-stacked-on-mobile\"><div class=\"wp-block-media-text__content\">\n<h2 class=\"wp-block-heading has-blank-green-color has-text-color\">EL VALLE DEL BAC<\/h2>\n\n\n\n<p class=\"has-blank-dark-grey-color has-text-color\">Recorrido de 21,3 km. Saliendo del camping a la derecha, tomamos la subida asfaltada y seguimos el camino de la izquierda que nos llevar\u00e1 direcci\u00f3n al Mas El Mariner. Este es el punto m\u00e1s alto de la ruta. Empezaremos a descender y no dejaremos la pista principal hasta el kil\u00f3metro 10,480. All\u00ed nos dirigiremos al camino de la derecha en direcci\u00f3n al Mas Llongarriu, donde hay una ermita muy bonita. Pasado el Mas tomaremos el camino de la derecha e iremos subiendo suavemente. Al llegar a la carretera giraremos hacia la derecha y no la dejaremos hasta llegar al pueblo.<\/p>\n<\/div><figure class=\"wp-block-media-text__media\"><\/figure><\/div>\n\n\n\n<div class=\"wp-block-media-text alignfull is-stacked-on-mobile\"><figure class=\"wp-block-media-text__media\"><\/figure><div class=\"wp-block-media-text__content\">\n<h2 class=\"wp-block-heading has-blank-green-color has-text-color\">VALLTER 2000<\/h2>\n\n\n\n<h3 class=\"wp-block-heading has-blank-green-color has-text-color\">a 27 km<\/h3>\n\n\n\n<p class=\"has-blank-dark-grey-color has-text-color\">Vallter 2000, estaci\u00f3n de esqu\u00ed y punto de salida de m\u00faltiples excursiones, est\u00e1 ubicada a 2.000 metros de altitud sobre el valle del r\u00edo Ter. Su privilegiada situaci\u00f3n geogr\u00e1fica permite contemplar una panor\u00e1mica \u00fanica y excepcional. Desde all\u00ed, puede hacer una peque\u00f1a caminata hasta Ulldeter, donde encontrar\u00e1 el nacimiento del r\u00edo Ter.<\/p>\n<\/div><\/div>\n\n\n\n<div class=\"wp-block-media-text alignfull has-media-on-the-right is-stacked-on-mobile is-image-fill margin-bottom\" style=\"grid-template-columns:auto 45%\"><div class=\"wp-block-media-text__content\">\n<h2 class=\"wp-block-heading has-blank-green-color has-text-color\">VALL DE N\u00daRIA<\/h2>\n\n\n\n<h3 class=\"wp-block-heading has-blank-green-color has-text-color\">30 KM (hasta el enlace al cremallera de N\u00faria)<\/h3>\n\n\n\n<p class=\"has-blank-dark-grey-color has-text-color\">La estaci\u00f3n de monta\u00f1a de <strong>Vall de N\u00faria<\/strong>, de una riqueza natural y paisaj\u00edstica \u00fanica, domina uno de los puntos m\u00e1s elevados del Valle de Ribes, rodeada por picos de casi 3.000 metros, de donde nacen multitud de fuentes y torrentes. Se accede a ella mediante un tren cremallera, que sale desde Ribes de Freser o Queralbs, tiene un recorrido de 12,5 kil\u00f3metros y supera un desnivel de m\u00e1s de 1.000 metros. Una vez all\u00ed, se pueden hacer m\u00faltiples excursiones, salidas a caballo o en poni, tiro con arco, paseos en barco, jugar en el parque l\u00fadico, esquiar\u2026<\/p>\n\n\n\n<div class=\"wp-block-buttons is-layout-flex wp-block-buttons-is-layout-flex\">\n<div class=\"wp-block-button\"><a class=\"wp-block-button__link has-blank-dark-grey-color has-blank-light-yellow-background-color has-text-color has-background wp-element-button\" href=\"https:\/\/www.valldenuria.cat\/es\/verano\/valldenuria\/la-estacion\/\" target=\"_blank\" rel=\"noreferrer noopener\">M\u00e1s informaci\u00f3n<\/a><\/div>\n<\/div>\n<\/div><figure class=\"wp-block-media-text__media\" style=\"background-image:url(https:\/\/elsroures.com\/wp-content\/uploads\/pobles-06.webp);background-position:50% 50%\"><img loading=\"lazy\" decoding=\"async\" width=\"1024\" height=\"424\" src=\"https:\/\/elsroures.com\/wp-content\/uploads\/pobles-06.webp\" alt=\"\" class=\"wp-image-760 size-full\" srcset=\"https:\/\/elsroures.com\/wp-content\/uploads\/pobles-06.webp 1024w, https:\/\/elsroures.com\/wp-content\/uploads\/pobles-06-768x318.webp 768w\" sizes=\"auto, (max-width: 1024px) 100vw, 1024px\" \/><\/figure><\/div>\n\n\n\n<div class=\"wp-block-media-text alignfull is-stacked-on-mobile margin-bottom\" style=\"grid-template-columns:55% auto\"><figure class=\"wp-block-media-text__media\"><img loading=\"lazy\" decoding=\"async\" width=\"2048\" height=\"1152\" src=\"https:\/\/elsroures.com\/wp-content\/uploads\/gorg-de-malatosca.jpg\" alt=\"\" class=\"wp-image-8164 size-full\" srcset=\"https:\/\/elsroures.com\/wp-content\/uploads\/gorg-de-malatosca.jpg 2048w, https:\/\/elsroures.com\/wp-content\/uploads\/gorg-de-malatosca-1024x576.jpg 1024w, https:\/\/elsroures.com\/wp-content\/uploads\/gorg-de-malatosca-768x432.jpg 768w, https:\/\/elsroures.com\/wp-content\/uploads\/gorg-de-malatosca-1536x864.jpg 1536w\" sizes=\"auto, (max-width: 2048px) 100vw, 2048px\" \/><\/figure><div class=\"wp-block-media-text__content\">\n<h2 class=\"wp-block-heading has-blank-green-color has-text-color\">GORG DE MALATOSCA<\/h2>\n\n\n\n<h3 class=\"wp-block-heading has-blank-green-color has-text-color\">a 9.6 km<\/h3>\n\n\n\n<p class=\"has-blank-dark-grey-color has-text-color\">El Gorg de Malatosca es uno de los rincones m\u00e1s encantadores de Sant Joan de les Abadesses. Aqu\u00ed descubrir\u00e1s una peque\u00f1a balsa con una cascada rodeada de belleza natural, perfecta para relajarte y conectar con la naturaleza. Adem\u00e1s, podr\u00e1s disfrutar de un agradable p\u00edcnic en la mesa habilitada para este fin.<\/p>\n<\/div><\/div>\n\n\n\n<div class=\"wp-block-media-text alignfull has-media-on-the-right is-stacked-on-mobile margin-bottom\" style=\"grid-template-columns:auto 55%\"><div class=\"wp-block-media-text__content\">\n<h2 class=\"wp-block-heading has-blank-green-color has-text-color\">POZAS DE BEGET<\/h2>\n\n\n\n<h3 class=\"wp-block-heading has-blank-green-color has-text-color\">a 24 km<\/h3>\n\n\n\n<p class=\"has-blank-dark-grey-color has-text-color\">Las balsas de Beget son un conjunto de balsas situadas en las afueras del pueblo de Beget, situado en el valle de Camprodon, pero en una hondonada de la Garrotxa. Perfecto para disfrutar y refrescarse en un d\u00eda de verano.<\/p>\n\n\n\n<p><strong><a href=\"https:\/\/www.google.com\/maps\/place\/Riera+de+Beget\/@42.3112153,2.4408852,13z\/data=!4m6!3m5!1s0x12bab326292798d7:0x9fc78ad415f2061!8m2!3d42.3119516!4d2.4879511!16s%2Fg%2F11bwfx6y9w?entry=ttu\">Localizaci\u00f3n<\/a><\/strong><\/p>\n<\/div><figure class=\"wp-block-media-text__media\"><img loading=\"lazy\" decoding=\"async\" width=\"640\" height=\"360\" src=\"https:\/\/elsroures.com\/wp-content\/uploads\/gorg-de-beget.jpg\" alt=\"\" class=\"wp-image-8172 size-full\"\/><\/figure><\/div>\n\n\n\n<div class=\"wp-block-media-text alignfull is-stacked-on-mobile margin-bottom\" style=\"grid-template-columns:55% auto\"><figure class=\"wp-block-media-text__media\"><img loading=\"lazy\" decoding=\"async\" width=\"1920\" height=\"1080\" src=\"https:\/\/elsroures.com\/wp-content\/uploads\/torrent-de-la-cabana.jpg\" alt=\"\" class=\"wp-image-8168 size-full\" srcset=\"https:\/\/elsroures.com\/wp-content\/uploads\/torrent-de-la-cabana.jpg 1920w, https:\/\/elsroures.com\/wp-content\/uploads\/torrent-de-la-cabana-1024x576.jpg 1024w, https:\/\/elsroures.com\/wp-content\/uploads\/torrent-de-la-cabana-768x432.jpg 768w, https:\/\/elsroures.com\/wp-content\/uploads\/torrent-de-la-cabana-1536x864.jpg 1536w\" sizes=\"auto, (max-width: 1920px) 100vw, 1920px\" \/><\/figure><div class=\"wp-block-media-text__content\">\n<h2 class=\"wp-block-heading has-blank-green-color has-text-color\">RUTA DE LAS 7 POZAS<\/h2>\n\n\n\n<h3 class=\"wp-block-heading has-blank-green-color has-text-color\">a 24 km<\/h3>\n\n\n\n<p class=\"has-blank-dark-grey-color has-text-color\">El torrente de la Cabana, junto a la ruta de las 7 pozas, es una excursi\u00f3n muy popular para disfrutar en familia y est\u00e1 situada en el t\u00e9rmino municipal de Campdev\u00e0nol. El recorrido sigue el torrente de Estiula en un tramo sin dificultades y est\u00e1 perfectamente se\u00f1alizado con paneles informativos a lo largo de todo el trayecto. El punto de partida es el aparcamiento del \u00e1rea de ocio de la Font del Querol, a unos tres kil\u00f3metros de Campdev\u00e0nol en direcci\u00f3n a Gombr\u00e8n, donde encontrar\u00e1n mesas, bancos y barbacoas para aprovechar al m\u00e1ximo su estancia.<\/p>\n<\/div><\/div>\n\n\n\n<div class=\"wp-block-media-text alignfull has-media-on-the-right is-stacked-on-mobile\"><div class=\"wp-block-media-text__content\">\n<h2 class=\"wp-block-heading has-blank-green-color has-text-color\">DE LA COLONIA ESTABANELL A OGASSA, POR SIERRA CABALLERA<\/h2>\n\n\n\n<h3 class=\"wp-block-heading has-blank-green-color has-text-color\">a 4 km<\/h3>\n\n\n\n<p class=\"has-blank-dark-grey-color has-text-color\">Recorrido para hacer en coche o en bicicleta, de unos 32 kil\u00f3metros, que se inicia rompiendo a la izquierda en el sem\u00e1foro de la Colonia Estabanell. Se trata de una pista que discurre por la falda de Sierra Cavallera, con unas vistas espectaculares de todo el valle y nos lleva hasta Ogassa, desde donde podemos llegar a Sant Joan de les Abadesses y desde all\u00ed hasta Sant Pau de Seg\u00faries.<br><\/p>\n<\/div><figure class=\"wp-block-media-text__media\"><\/figure><\/div>\n\n\n\n<div class=\"wp-block-media-text alignfull is-stacked-on-mobile margin-bottom\" style=\"grid-template-columns:55% auto\"><figure class=\"wp-block-media-text__media\"><img loading=\"lazy\" decoding=\"async\" width=\"768\" height=\"568\" src=\"https:\/\/elsroures.com\/wp-content\/uploads\/natura-07.webp\" alt=\"\" class=\"wp-image-773 size-full\"\/><\/figure><div class=\"wp-block-media-text__content\">\n<h2 class=\"wp-block-heading has-blank-green-color has-text-color\">RUTA REFUGIO ULLDETER \u2013 NACIMIENTO R\u00cdO TER<\/h2>\n\n\n\n<h3 class=\"wp-block-heading has-blank-green-color has-text-color\">A 27 KM<\/h3>\n\n\n\n<p class=\"has-blank-dark-grey-color has-text-color\">Itinerario que nos acerca hasta el espectacular nacimiento del r\u00edo Ter, pasando por paisajes de alta monta\u00f1a.<\/p>\n\n\n\n<p class=\"has-blank-dark-grey-color has-text-color\">El recorrido visita los restos de lo que fue el primer refugio de la pen\u00ednsula y tambi\u00e9n pasa por una zona de humedales donde, dependiendo de la \u00e9poca del a\u00f1o, puede formarse un peque\u00f1o estanque.<\/p>\n\n\n\n<p class=\"has-blank-dark-grey-color has-text-color\">Para comenzar la excursi\u00f3n, deb\u00e9is dirigiros a la estaci\u00f3n de esqu\u00ed Vallter2000.<\/p>\n\n\n\n<div class=\"wp-block-buttons is-layout-flex wp-block-buttons-is-layout-flex\">\n<div class=\"wp-block-button is-style-outline is-style-outline--1\"><a class=\"wp-block-button__link has-blank-dark-grey-color has-text-color wp-element-button\" href=\"https:\/\/www.alt-ter.org\/itineraris.htm#30\" target=\"_blank\" rel=\"noreferrer noopener\">M\u00e1s informaci\u00f3n<\/a><\/div>\n<\/div>\n<\/div><\/div>\n\n\n\n<div class=\"wp-block-group alignfull media-block margin-bottom is-layout-constrained wp-container-core-group-is-layout-400bda7f wp-block-group-is-layout-constrained\">\n<div class=\"wp-block-media-text alignwide has-media-on-the-right is-stacked-on-mobile\" style=\"grid-template-columns:auto 45%\"><div class=\"wp-block-media-text__content\">\n<h2 class=\"wp-block-heading has-blank-green-color has-text-color\">PARQUE NATURAL DE LA ZONA VOLC\u00c1NICA DE LA GARROTXA<\/h2>\n\n\n\n<h3 class=\"wp-block-heading has-blank-green-color has-text-color\">A 27 KM<\/h3>\n\n\n\n<p class=\"has-blank-dark-grey-color has-text-color\">\u00c9s el millor exponent de paisatge volc\u00e0nic de la pen\u00ednsula Ib\u00e8rica. T\u00e9 una quarantena de cons volc\u00e0nics i m\u00e9s de 20 colades de laves bas\u00e0ltiques. L&#8217;orografia, el s\u00f2l i el clima proporcionen una variada vegetaci\u00f3, sovint exuberant, amb alzinars, rouredes i fagedes d&#8217;excepcional valor paisatg\u00edstic.<\/p>\n\n\n\n<p class=\"has-blank-dark-grey-color has-text-color\">Al Parc Natural de la Zona Volc\u00e0nica de la Garrotxa hi ha 28 itineraris pedestres que transcorren pels indrets m\u00e9s interessants del Parc Natural. La majoria estan senyalitzats, excepte alguns dels m\u00e9s llargs que, si s&#8217;hi est\u00e0 acostumant, es poden seguir f\u00e0cilment amb l&#8217;ajuda del pl\u00e0nol-guia del Parc Natural.<\/p>\n<\/div><figure class=\"wp-block-media-text__media\"><img loading=\"lazy\" decoding=\"async\" width=\"800\" height=\"600\" src=\"https:\/\/elsroures.com\/wp-content\/uploads\/natura-04.webp\" alt=\"\" class=\"wp-image-770 size-full\" srcset=\"https:\/\/elsroures.com\/wp-content\/uploads\/natura-04.webp 800w, https:\/\/elsroures.com\/wp-content\/uploads\/natura-04-768x576.webp 768w\" sizes=\"auto, (max-width: 800px) 100vw, 800px\" \/><\/figure><\/div>\n\n\n\n<div class=\"wp-block-media-text alignwide has-media-on-the-right is-stacked-on-mobile has-blank-yellow-background-color has-background\" style=\"grid-template-columns:auto 55%\"><div class=\"wp-block-media-text__content\">\n<p class=\"has-blank-dark-grey-color has-text-color\">Los itinerarios del Parque Natural a menudo conectan con los de la red de senderos Itiner\u00e0ncia. Por lo tanto, desde los itinerarios del Parque Natural se puede acceder a pie a cualquier otro punto de la Garrotxa, el Ripoll\u00e8s o el Alt Empord\u00e0 a trav\u00e9s de Itiner\u00e0ncia.<br><\/p>\n\n\n\n<div class=\"wp-block-buttons is-layout-flex wp-block-buttons-is-layout-flex\">\n<div class=\"wp-block-button is-style-outline is-style-outline--2\"><a class=\"wp-block-button__link has-blank-black-color has-blank-light-grey-background-color has-text-color has-background wp-element-button\" href=\"https:\/\/es.turismegarrotxa.com\/territorio-y-naturaleza\/parque-natural-y-espacios-protegidos\/parque-natural-de-la-zona-volcanica-de-la-garrotxa\/\" target=\"_blank\" rel=\"noreferrer noopener\">M\u00e1s informaci\u00f3n<\/a><\/div>\n<\/div>\n<\/div><figure class=\"wp-block-media-text__media\"><img loading=\"lazy\" decoding=\"async\" width=\"1600\" height=\"800\" src=\"https:\/\/elsroures.com\/wp-content\/uploads\/natura-05.webp\" alt=\"\" class=\"wp-image-771 size-full\" srcset=\"https:\/\/elsroures.com\/wp-content\/uploads\/natura-05.webp 1600w, https:\/\/elsroures.com\/wp-content\/uploads\/natura-05-1024x512.webp 1024w, https:\/\/elsroures.com\/wp-content\/uploads\/natura-05-768x384.webp 768w, https:\/\/elsroures.com\/wp-content\/uploads\/natura-05-1536x768.webp 1536w\" sizes=\"auto, (max-width: 1600px) 100vw, 1600px\" \/><\/figure><\/div>\n\n\n\n<div class=\"wp-block-media-text alignfull is-stacked-on-mobile query-margin\" style=\"grid-template-columns:45% auto\"><figure class=\"wp-block-media-text__media\"><img loading=\"lazy\" decoding=\"async\" width=\"1024\" height=\"681\" src=\"https:\/\/elsroures.com\/wp-content\/uploads\/natura-02.webp\" alt=\"\" class=\"wp-image-768 size-full\" srcset=\"https:\/\/elsroures.com\/wp-content\/uploads\/natura-02.webp 1024w, https:\/\/elsroures.com\/wp-content\/uploads\/natura-02-768x511.webp 768w, https:\/\/elsroures.com\/wp-content\/uploads\/natura-02-900x600.webp 900w, https:\/\/elsroures.com\/wp-content\/uploads\/natura-02-600x400.webp 600w, https:\/\/elsroures.com\/wp-content\/uploads\/natura-02-450x300.webp 450w, https:\/\/elsroures.com\/wp-content\/uploads\/natura-02-225x150.webp 225w\" sizes=\"auto, (max-width: 1024px) 100vw, 1024px\" \/><\/figure><div class=\"wp-block-media-text__content\">\n<h2 class=\"wp-block-heading has-blank-green-color has-text-color\">LA FAGEDA D&#8217;EN JORD\u00c0<\/h2>\n\n\n\n<h3 class=\"wp-block-heading has-blank-green-color has-text-color\">A 29 KM<\/h3>\n\n\n\n<p class=\"has-blank-dark-grey-color has-text-color\">Esta excursi\u00f3n es ideal para salir con los ni\u00f1os y que disfruten de un d\u00eda diferente. Combina un poco de cultura sobre nuestro pa\u00eds y una actividad que seguramente les encantar\u00e1. Excursi\u00f3n en carruajes por la Fageda d&#8217;en Jord\u00e0 y, a continuaci\u00f3n, la visita a la granja cooperativa de la Fageda, donde podr\u00e9is degustar y comprar yogures, helados, etc.<\/p>\n\n\n\n<p class=\"has-blank-dark-grey-color has-text-color\">La famosa Fageda d&#8217;en Jord\u00e0 es un bosque de hayas muy excepcional porque crece en un terreno llano, a solo 550\u202fm de altitud. De hecho, se asienta sobre una colada de lava emitida por el volc\u00e1n del Croscat, gracias a la cual ofrece un relieve accidentado. En este <a href=\"https:\/\/www.fageda.com\/es\/visitas\/la-fageda-en-ruta\/\">enlace <\/a>pod\u00e9is encontrar los detalles del itinerario que os recomendamos por la Fageda d&#8217;en Jord\u00e0.<\/p>\n<\/div><\/div>\n\n\n\n<p class=\"change-align has-blank-dark-grey-color has-text-color\">La Fageda d&#8217;en Jord\u00e0 es una de las 26 reservas naturales que forma parte del Parque Natural de la Zona Volc\u00e1nica de la Garrotxa. Dicen que la estaci\u00f3n m\u00e1s bonita para visitarla es el oto\u00f1o, pero la verdad es que cualquier estaci\u00f3n es buena para disfrutar de un buen d\u00eda en familia.<\/p>\n\n\n\n<p class=\"change-align margin-bottom has-blank-dark-grey-color has-text-color\">Si quer\u00e9is disfrutar en familia de una jornada diferente, os recomendamos la excursi\u00f3n en carruajes por la Fageda d&#8217;en Jord\u00e0. Con los carruajes tirados por caballos, recorrer\u00e9is su interior conociendo su historia y su entorno. Duraci\u00f3n: 1 hora. M\u00e1s detalles en este <a href=\"https:\/\/www.fageda.com\/es\/visitas\/\">enlace<\/a>.<\/p>\n\n\n\n<div class=\"wp-block-media-text alignwide has-media-on-the-right is-stacked-on-mobile margin-bottom\" style=\"grid-template-columns:auto 55%\"><div class=\"wp-block-media-text__content\">\n<figure class=\"wp-block-image size-full\"><img loading=\"lazy\" decoding=\"async\" width=\"243\" height=\"129\" src=\"https:\/\/elsroures.com\/wp-content\/uploads\/natura-06.webp\" alt=\"\" class=\"wp-image-772\"\/><\/figure>\n\n\n\n<h4 class=\"wp-block-heading has-blank-dark-grey-color has-text-color\">Cooperativa La Fageda<\/h4>\n\n\n\n<p class=\"has-blank-dark-grey-color has-text-color\">Como una actividad diferente y muy interesante para grandes y peque\u00f1os, pod\u00e9is visitar la granja de yogures La Fageda. Podr\u00e9is recorrer las instalaciones y hacer una peque\u00f1a degustaci\u00f3n.<\/p>\n\n\n\n<div class=\"wp-block-buttons is-layout-flex wp-block-buttons-is-layout-flex\">\n<div class=\"wp-block-button is-style-outline is-style-outline--3\"><a class=\"wp-block-button__link has-blank-dark-grey-color has-text-color wp-element-button\" href=\"https:\/\/www.fageda.com\/es\/visitas\/\" target=\"_blank\" rel=\"noreferrer noopener\">Reserva ahora<\/a><\/div>\n<\/div>\n<\/div><figure class=\"wp-block-media-text__media\"><img loading=\"lazy\" decoding=\"async\" width=\"726\" height=\"346\" src=\"https:\/\/elsroures.com\/wp-content\/uploads\/natura-03.webp\" alt=\"\" class=\"wp-image-769 size-full\"\/><\/figure><\/div>\n<\/div>\n","protected":false},"excerpt":{"rendered":"<p>Salidas a la monta\u00f1a Para que no te preocupes de nada, nos encargamos de proporcionar toda la informaci\u00f3n y orientaci\u00f3n que necesites para disfrutar al&#8230;<\/p>\n","protected":false},"author":1,"featured_media":0,"parent":3331,"menu_order":0,"comment_status":"closed","ping_status":"closed","template":"","meta":{"_acf_changed":false,"footnotes":""},"class_list":["post-3323","page","type-page","status-publish","hentry"],"acf":[],"yoast_head":"<!-- This site is optimized with the Yoast SEO plugin v27.3 - https:\/\/yoast.com\/product\/yoast-seo-wordpress\/ -->\n<title>Descubre el valle de Camprodon | Els Roures<\/title>\n<meta name=\"robots\" content=\"index, follow, max-snippet:-1, max-image-preview:large, max-video-preview:-1\" \/>\n<link rel=\"canonical\" href=\"https:\/\/elsroures.com\/es\/entorno\/natura\/\" \/>\n<meta property=\"og:locale\" content=\"es_ES\" \/>\n<meta property=\"og:type\" content=\"article\" \/>\n<meta property=\"og:title\" content=\"Descubre el valle de Camprodon | Els Roures\" \/>\n<meta property=\"og:description\" content=\"Salidas a la monta\u00f1a Para que no te preocupes de nada, nos encargamos de proporcionar toda la informaci\u00f3n y orientaci\u00f3n que necesites para disfrutar al...\" \/>\n<meta property=\"og:url\" content=\"https:\/\/elsroures.com\/es\/entorno\/natura\/\" \/>\n<meta property=\"og:site_name\" content=\"Els Roures\" \/>\n<meta property=\"article:modified_time\" content=\"2024-09-01T11:50:43+00:00\" \/>\n<meta property=\"og:image\" content=\"https:\/\/elsroures.com\/wp-content\/uploads\/natura-01.webp\" \/>\n<meta name=\"twitter:card\" content=\"summary_large_image\" \/>\n<meta name=\"twitter:label1\" content=\"Tiempo de lectura\" \/>\n\t<meta name=\"twitter:data1\" content=\"11 minutos\" \/>\n<script type=\"application\/ld+json\" class=\"yoast-schema-graph\">{\"@context\":\"https:\\\/\\\/schema.org\",\"@graph\":[{\"@type\":\"WebPage\",\"@id\":\"https:\\\/\\\/elsroures.com\\\/es\\\/entorno\\\/natura\\\/\",\"url\":\"https:\\\/\\\/elsroures.com\\\/es\\\/entorno\\\/natura\\\/\",\"name\":\"Descubre el valle de Camprodon | Els Roures\",\"isPartOf\":{\"@id\":\"https:\\\/\\\/elsroures.com\\\/es\\\/#website\"},\"primaryImageOfPage\":{\"@id\":\"https:\\\/\\\/elsroures.com\\\/es\\\/entorno\\\/natura\\\/#primaryimage\"},\"image\":{\"@id\":\"https:\\\/\\\/elsroures.com\\\/es\\\/entorno\\\/natura\\\/#primaryimage\"},\"thumbnailUrl\":\"https:\\\/\\\/elsroures.com\\\/wp-content\\\/uploads\\\/natura-01.webp\",\"datePublished\":\"2022-05-31T13:08:07+00:00\",\"dateModified\":\"2024-09-01T11:50:43+00:00\",\"breadcrumb\":{\"@id\":\"https:\\\/\\\/elsroures.com\\\/es\\\/entorno\\\/natura\\\/#breadcrumb\"},\"inLanguage\":\"es\",\"potentialAction\":[{\"@type\":\"ReadAction\",\"target\":[\"https:\\\/\\\/elsroures.com\\\/es\\\/entorno\\\/natura\\\/\"]}]},{\"@type\":\"ImageObject\",\"inLanguage\":\"es\",\"@id\":\"https:\\\/\\\/elsroures.com\\\/es\\\/entorno\\\/natura\\\/#primaryimage\",\"url\":\"https:\\\/\\\/elsroures.com\\\/wp-content\\\/uploads\\\/natura-01.webp\",\"contentUrl\":\"https:\\\/\\\/elsroures.com\\\/wp-content\\\/uploads\\\/natura-01.webp\"},{\"@type\":\"BreadcrumbList\",\"@id\":\"https:\\\/\\\/elsroures.com\\\/es\\\/entorno\\\/natura\\\/#breadcrumb\",\"itemListElement\":[{\"@type\":\"ListItem\",\"position\":1,\"name\":\"Inicio\",\"item\":\"https:\\\/\\\/elsroures.com\\\/es\\\/\"},{\"@type\":\"ListItem\",\"position\":2,\"name\":\"Entorno\",\"item\":\"https:\\\/\\\/elsroures.com\\\/es\\\/entorno\\\/\"},{\"@type\":\"ListItem\",\"position\":3,\"name\":\"Descubre el valle de Camprodon\"}]},{\"@type\":\"WebSite\",\"@id\":\"https:\\\/\\\/elsroures.com\\\/es\\\/#website\",\"url\":\"https:\\\/\\\/elsroures.com\\\/es\\\/\",\"name\":\"Els Roures\",\"description\":\"Otro sitio realizado con WordPress\",\"publisher\":{\"@id\":\"https:\\\/\\\/elsroures.com\\\/es\\\/#organization\"},\"potentialAction\":[{\"@type\":\"SearchAction\",\"target\":{\"@type\":\"EntryPoint\",\"urlTemplate\":\"https:\\\/\\\/elsroures.com\\\/es\\\/?s={search_term_string}\"},\"query-input\":{\"@type\":\"PropertyValueSpecification\",\"valueRequired\":true,\"valueName\":\"search_term_string\"}}],\"inLanguage\":\"es\"},{\"@type\":\"Organization\",\"@id\":\"https:\\\/\\\/elsroures.com\\\/es\\\/#organization\",\"name\":\"Els Roures\",\"url\":\"https:\\\/\\\/elsroures.com\\\/es\\\/\",\"logo\":{\"@type\":\"ImageObject\",\"inLanguage\":\"es\",\"@id\":\"https:\\\/\\\/elsroures.com\\\/es\\\/#\\\/schema\\\/logo\\\/image\\\/\",\"url\":\"https:\\\/\\\/elsroures.com\\\/wp-content\\\/uploads\\\/logo-01.svg\",\"contentUrl\":\"https:\\\/\\\/elsroures.com\\\/wp-content\\\/uploads\\\/logo-01.svg\",\"width\":\"2048\",\"height\":\"2048\",\"caption\":\"Els Roures\"},\"image\":{\"@id\":\"https:\\\/\\\/elsroures.com\\\/es\\\/#\\\/schema\\\/logo\\\/image\\\/\"},\"sameAs\":[\"https:\\\/\\\/www.instagram.com\\\/campingelsroures\\\/\"]}]}<\/script>\n<!-- \/ Yoast SEO plugin. -->","yoast_head_json":{"title":"Descubre el valle de Camprodon | Els Roures","robots":{"index":"index","follow":"follow","max-snippet":"max-snippet:-1","max-image-preview":"max-image-preview:large","max-video-preview":"max-video-preview:-1"},"canonical":"https:\/\/elsroures.com\/es\/entorno\/natura\/","og_locale":"es_ES","og_type":"article","og_title":"Descubre el valle de Camprodon | Els Roures","og_description":"Salidas a la monta\u00f1a Para que no te preocupes de nada, nos encargamos de proporcionar toda la informaci\u00f3n y orientaci\u00f3n que necesites para disfrutar al...","og_url":"https:\/\/elsroures.com\/es\/entorno\/natura\/","og_site_name":"Els Roures","article_modified_time":"2024-09-01T11:50:43+00:00","og_image":[{"url":"https:\/\/elsroures.com\/wp-content\/uploads\/natura-01.webp","type":"","width":"","height":""}],"twitter_card":"summary_large_image","twitter_misc":{"Tiempo de lectura":"11 minutos"},"schema":{"@context":"https:\/\/schema.org","@graph":[{"@type":"WebPage","@id":"https:\/\/elsroures.com\/es\/entorno\/natura\/","url":"https:\/\/elsroures.com\/es\/entorno\/natura\/","name":"Descubre el valle de Camprodon | Els Roures","isPartOf":{"@id":"https:\/\/elsroures.com\/es\/#website"},"primaryImageOfPage":{"@id":"https:\/\/elsroures.com\/es\/entorno\/natura\/#primaryimage"},"image":{"@id":"https:\/\/elsroures.com\/es\/entorno\/natura\/#primaryimage"},"thumbnailUrl":"https:\/\/elsroures.com\/wp-content\/uploads\/natura-01.webp","datePublished":"2022-05-31T13:08:07+00:00","dateModified":"2024-09-01T11:50:43+00:00","breadcrumb":{"@id":"https:\/\/elsroures.com\/es\/entorno\/natura\/#breadcrumb"},"inLanguage":"es","potentialAction":[{"@type":"ReadAction","target":["https:\/\/elsroures.com\/es\/entorno\/natura\/"]}]},{"@type":"ImageObject","inLanguage":"es","@id":"https:\/\/elsroures.com\/es\/entorno\/natura\/#primaryimage","url":"https:\/\/elsroures.com\/wp-content\/uploads\/natura-01.webp","contentUrl":"https:\/\/elsroures.com\/wp-content\/uploads\/natura-01.webp"},{"@type":"BreadcrumbList","@id":"https:\/\/elsroures.com\/es\/entorno\/natura\/#breadcrumb","itemListElement":[{"@type":"ListItem","position":1,"name":"Inicio","item":"https:\/\/elsroures.com\/es\/"},{"@type":"ListItem","position":2,"name":"Entorno","item":"https:\/\/elsroures.com\/es\/entorno\/"},{"@type":"ListItem","position":3,"name":"Descubre el valle de Camprodon"}]},{"@type":"WebSite","@id":"https:\/\/elsroures.com\/es\/#website","url":"https:\/\/elsroures.com\/es\/","name":"Els Roures","description":"Otro sitio realizado con WordPress","publisher":{"@id":"https:\/\/elsroures.com\/es\/#organization"},"potentialAction":[{"@type":"SearchAction","target":{"@type":"EntryPoint","urlTemplate":"https:\/\/elsroures.com\/es\/?s={search_term_string}"},"query-input":{"@type":"PropertyValueSpecification","valueRequired":true,"valueName":"search_term_string"}}],"inLanguage":"es"},{"@type":"Organization","@id":"https:\/\/elsroures.com\/es\/#organization","name":"Els Roures","url":"https:\/\/elsroures.com\/es\/","logo":{"@type":"ImageObject","inLanguage":"es","@id":"https:\/\/elsroures.com\/es\/#\/schema\/logo\/image\/","url":"https:\/\/elsroures.com\/wp-content\/uploads\/logo-01.svg","contentUrl":"https:\/\/elsroures.com\/wp-content\/uploads\/logo-01.svg","width":"2048","height":"2048","caption":"Els Roures"},"image":{"@id":"https:\/\/elsroures.com\/es\/#\/schema\/logo\/image\/"},"sameAs":["https:\/\/www.instagram.com\/campingelsroures\/"]}]}},"_links":{"self":[{"href":"https:\/\/elsroures.com\/es\/wp-json\/wp\/v2\/pages\/3323","targetHints":{"allow":["GET"]}}],"collection":[{"href":"https:\/\/elsroures.com\/es\/wp-json\/wp\/v2\/pages"}],"about":[{"href":"https:\/\/elsroures.com\/es\/wp-json\/wp\/v2\/types\/page"}],"author":[{"embeddable":true,"href":"https:\/\/elsroures.com\/es\/wp-json\/wp\/v2\/users\/1"}],"replies":[{"embeddable":true,"href":"https:\/\/elsroures.com\/es\/wp-json\/wp\/v2\/comments?post=3323"}],"version-history":[{"count":5,"href":"https:\/\/elsroures.com\/es\/wp-json\/wp\/v2\/pages\/3323\/revisions"}],"predecessor-version":[{"id":17423,"href":"https:\/\/elsroures.com\/es\/wp-json\/wp\/v2\/pages\/3323\/revisions\/17423"}],"up":[{"embeddable":true,"href":"https:\/\/elsroures.com\/es\/wp-json\/wp\/v2\/pages\/3331"}],"wp:attachment":[{"href":"https:\/\/elsroures.com\/es\/wp-json\/wp\/v2\/media?parent=3323"}],"curies":[{"name":"wp","href":"https:\/\/api.w.org\/{rel}","templated":true}]}}